{"id":807,"date":"2020-07-03T09:28:19","date_gmt":"2020-07-03T09:28:19","guid":{"rendered":"http:\/\/liviko.eu\/company-culture\/history\/"},"modified":"2025-02-03T07:21:26","modified_gmt":"2025-02-03T07:21:26","slug":"history","status":"publish","type":"page","link":"https:\/\/liviko.eu\/lv\/company-culture\/history\/","title":{"rendered":"V\u0113sture"},"content":{"rendered":"<div id=\"pageHeader-block_9d42d8fb0cc23e3b5527f4294d117322\" class=\" c-contentBlock c-pageHeader\" data-block-type=\"Page header\">\n                    <h1 class=\"c-pageHeader__title\">V\u0113sture<\/h1>\n                            <div class=\"c-pageHeader__text t-text\"><p>\u201cLiviko\u201d v\u0113sture ir unik\u0101la. Uz\u0146\u0113mums dibin\u0101ts 1898. gad\u0101 Krievijas imp\u0113rijas laikos, valsts monopola ietvaros. Savu darb\u012bbu turpin\u0101ja ar\u012b br\u012bvaj\u0101 Igaunijas Republik\u0101. Tas p\u0101rdz\u012bvojis gan karus, gan citus gr\u016btus laikus. V\u0113sturiski p\u0101rmai\u0146us bijis gan valsts \u012bpa\u0161ums, gan pieder\u0113jis priv\u0101tuz\u0146\u0113m\u0113jiem, bet kop\u0161 2000. gada \u201cLiviko\u201d p\u0101rvalda ambiciozais konglomer\u0101ts \u201cNG Investeeringud\u201d, k\u0101 pasp\u0101rn\u0113 \u201cLiviko\u201d k\u013cuva par veiksm\u012bgu starptautisku alkohola koncernu.<\/p>\n<\/div>\n                        <div class=\"c-pageHeader__tools\">\n        \t<a href=\"#page-807-body\" class=\"c-pageHeader__scrollButton js-scrollTo\">\n        \t\t<span class=\"visuallyhidden\">Scroll to content<\/span>\n                <span class=\"icon-down\"><\/span>\n        \t<\/a>\n        <\/div>\n        \n<\/div>\n<a id=\"page-807-body\"><\/a>\n\n<div id=\"mediaBlock-block_824be2dc1540c607961b6830f343e880\" class=\" c-contentBlock c-mediaBlock c-mediaBlock--align-left c-mediaBlock--valign-center c-mediaBlock--size-regular c-mediaBlock--imageHeight-normal\" data-block-type=\"Media block\">\n   \n                \n     <div class=\"c-mediaBlock__media\" style=\"\"\">\n        <img fetchpriority=\"high\" decoding=\"async\" width=\"1366\" height=\"908\" src=\"https:\/\/liviko.eu\/wp-content\/uploads\/2020\/08\/Liviko-t\u00e4nap\u00e4ev-2-1366x908.jpg\" class=\"c-mediaBlock__image\" alt=\"Liviko Distillery\" srcset=\"https:\/\/liviko.eu\/wp-content\/uploads\/2020\/08\/Liviko-t\u00e4nap\u00e4ev-2-1366x908.jpg 1366w, https:\/\/liviko.eu\/wp-content\/uploads\/2020\/08\/Liviko-t\u00e4nap\u00e4ev-2-920x612.jpg 920w, https:\/\/liviko.eu\/wp-content\/uploads\/2020\/08\/Liviko-t\u00e4nap\u00e4ev-2-768x511.jpg 768w, https:\/\/liviko.eu\/wp-content\/uploads\/2020\/08\/Liviko-t\u00e4nap\u00e4ev-2-1536x1021.jpg 1536w, https:\/\/liviko.eu\/wp-content\/uploads\/2020\/08\/Liviko-t\u00e4nap\u00e4ev-2-2048x1362.jpg 2048w\" sizes=\"(max-width: 1366px) 100vw, 1366px\" \/>    <\/div>\n     <div class=\"c-mediaBlock__body\">\n                    <h2 class=\"c-mediaBlock__title\">MEISTAR\u012aBA<\/h2>\n                <div class=\"c-mediaBlock__content\">\n            <div class=\"t-text\">\n            <p>Ne maz\u0101k svar\u012bgas par zin\u0101tnisko pieeju produktu att\u012bst\u012bb\u0101 un augsto tehnolo\u0123iju laboratoriju mums ir ar\u012b zin\u0101\u0161anas un prasmes, kuras \u201cLiviko\u201d meistari no paaudzes paaudz\u0113 nodevu\u0161i t\u0101l\u0101k 126 gadu garum\u0101. M\u016bsu meistar\u012bbas kvalit\u0101ti raksturo li\u0137ieris<em> Vana Tallinn<\/em>, degv\u012bns<em> Viru Valge<\/em> un <em>Crafter\u2019s<\/em> d\u017eini, z\u012bmoli, kas k\u013cuvu\u0161i par Igaunijas viz\u012btkarti. Pateicoties \u201cLiviko\u201d ar r\u016bp\u012bbu un m\u012blest\u012bbu rad\u012btajiem produktiem, Igaunijas v\u0101rds ir zin\u0101ms vis\u0101 pasaul\u0113. M\u0113s ar cie\u0146u nesam \u0161o atbild\u012bbu.<\/p>\n            <\/div>\n                            \n        <\/div>\n    <\/div>\n<\/div>\n\n<div id=\"mediaBlock-block_8894ac07aecc883cd64e4210d983f225\" class=\" c-contentBlock c-mediaBlock c-mediaBlock--align-right c-mediaBlock--valign-center c-mediaBlock--size-regular c-mediaBlock--imageHeight-normal\" data-block-type=\"Media block\">\n   \n                \n     <div class=\"c-mediaBlock__media\" style=\"\"\">\n        <img decoding=\"async\" width=\"800\" height=\"530\" src=\"https:\/\/liviko.eu\/wp-content\/uploads\/2020\/09\/mamma-ilse.jpg\" class=\"c-mediaBlock__image\" alt=\"M\u0100MU\u013bA ILZE (MAMMA ILSE)\" srcset=\"https:\/\/liviko.eu\/wp-content\/uploads\/2020\/09\/mamma-ilse.jpg 800w, https:\/\/liviko.eu\/wp-content\/uploads\/2020\/09\/mamma-ilse-768x509.jpg 768w\" sizes=\"(max-width: 800px) 100vw, 800px\" \/>    <\/div>\n     <div class=\"c-mediaBlock__body\">\n                    <h2 class=\"c-mediaBlock__title\">M\u0100MU\u013bA ILZE (MAMMA ILSE)<\/h2>\n                <div class=\"c-mediaBlock__content\">\n            <div class=\"t-text\">\n            <p>Destil\u0101cijas tehnolo\u0123ija ir izmantota jau kop\u0161 \u201cLiviko\u201d pirms\u0101kumiem. Vara destil\u0101cijas katls, saukts par M\u0101mu\u013cu Ilzi, tiek izmantots jau simts gadus un savu nosaukumu ieguvis par godu Ilzei M\u0101rai (<em>Ilse Maar<\/em>), ilggad\u0113jai li\u0137ieru meistarei. Ilze M\u0101ri, saukta par le\u0123end\u0101r\u0101 li\u0137iera<em> Vana Tallinn<\/em> vecm\u0101mi\u0146u, bija viena no t\u0101 receptes autor\u0113m. V\u0113sturiskais destil\u0101cijas katls nu ir devies peln\u012bt\u0101 atp\u016bt\u0101, un tagad to var apskat\u012bt goda viet\u0101 \u201cLiviko\u201d muzej\u0101. Modern\u0101s destil\u0101cijas iek\u0101rtas, kas nomain\u012bja M\u0101mu\u013cu Ilzi, tika nokrist\u012btas \u201cLiviko\u201d izcilo li\u0137ieru meistaru Mahtas Laidv\u0113 (<em>Mahta Laidvee<\/em>) un Elfr\u012bdes Kingisepas (<em>Elfride Kingisepp<\/em>) v\u0101rdos.<\/p>\n<p>V\u0113sturiskaj\u0101 destil\u0101cijas katl\u0101, kas nes Ilzes v\u0101rdu, tika veikta ar\u012b pirm\u0101 augu tvaika destil\u0101cija \u2013 rudzupu\u0137u degv\u012bna <em>Rukkilill <\/em>ra\u017eo\u0161anas proces\u0101 galveno darbu paveica tie\u0161i \u0161\u012b simts gadus vec\u0101 vara kundze. Degv\u012bns tika rad\u012bts par godu Igaunijas Republikas 100. jubilejai.<\/p>\n<p>&nbsp;<\/p>\n            <\/div>\n                            \n        <\/div>\n    <\/div>\n<\/div>\n\n\n<div id=\"spacer-block_e362b46f170b3dbce70156ef5b6f44c1\" class=\"c-contentBlock c-spacerContainer\"  data-block-type=\"Spacer\">\n   <hr class=\"  c-spacer c-spacer--size-3 c-spacer--line\" >\n<\/div>\n\n\n<div id=\"pageHeader-block_cc547ba44d0f5d52c9a9deda71245358\" class=\" c-contentBlock c-pageHeader\" data-block-type=\"Page header\">\n                    <h1 class=\"c-pageHeader__title\">V\u0113stures fakti<\/h1>\n                            <div class=\"c-pageHeader__text t-text\"><p>\u201cLiviko\u201d produktu portfe\u013ca sen\u0101kais dz\u0113riens ir krist\u0101lli\u0137ieris <em>K\u00e4nnu Kukk<\/em>, kura karsto pild\u012b\u0161anas tehnolo\u0123iju \u201cLiviko\u201d ieviesa 1900. gad\u0101. Le\u0123end\u0101rais li\u0137ieris <em>Vana Tallinn<\/em> uzreiz p\u0113c t\u0101 rad\u012b\u0161anas 1960. gad\u0101 k\u013cuva par Igaunijas viz\u012btkarti.<\/p>\n<p>Kop\u0161 2015. gada \u201cLiviko\u201d ra\u017eo <em>Crafter\u2019s London Dry<\/em> d\u017einu, kas ir k\u013cuvis par pasaules m\u0113roga trendu. Divus gadus v\u0113l\u0101k \u201cLiviko\u201d ieviesa tirg\u016b kr\u0101su maino\u0161o d\u017einu<em> Crafter\u2019s Aromatic Flowe<\/em>r, kas padar\u012bja ko\u0161\u0101ku d\u017eina burv\u012bbas p\u0101r\u0146emto pasauli. \u201cLiviko\u201d joproj\u0101m turpina izstr\u0101d\u0101t inovat\u012bvus produktus. T\u0101s jaun\u0101kie produkti ir p\u0113c <em>zero waste<\/em> principa 2019. gad\u0101 rad\u012bt\u0101 dzirksto\u0161o dz\u0113rienu l\u012bnija <em>Re-crafted Crafter\u2019s<\/em> , kuras ietvaros rad\u0101s jauna glob\u0101l\u0101 kategorija \u2013 kadi\u0137ogu alus <em>Junibeer<\/em>.<\/p>\n<\/div>\n                \n<\/div>\n<a id=\"page-807-body\"><\/a>\n\n\n<div id=\"timeline-block_a7879bcb4ec5c213fc1e441f3043b589\" class=\" c-contentBlock c-timeline\" data-block-type=\"Timeline\" >\n   \n   <div class=\"c-timeline__eventsContainer\">\n    <ul class=\"c-timeline__events js-timeline\">\n\n\n                              \n                \n\n            <li class=\"c-timeline__event   c-timeline__event--regular c-timeline__event--direction_left c-timeline__event--hasImage\">\n                \n\n                    \n                        <strong class=\"c-timeline__event-date\">2020<\/strong>\n                        <div class=\"c-timeline__event-content\">\n                                                                    <div class=\"c-timeline_event__imageContainer\">\n                                   <img decoding=\"async\" width=\"920\" height=\"613\" src=\"https:\/\/liviko.eu\/wp-content\/uploads\/2020\/11\/Brown\u2013Forman-Logo.wine_-920x613.png\" class=\"c-timeline_event__image\" alt=\"\" srcset=\"https:\/\/liviko.eu\/wp-content\/uploads\/2020\/11\/Brown\u2013Forman-Logo.wine_-920x613.png 920w, https:\/\/liviko.eu\/wp-content\/uploads\/2020\/11\/Brown\u2013Forman-Logo.wine_-1366x911.png 1366w, https:\/\/liviko.eu\/wp-content\/uploads\/2020\/11\/Brown\u2013Forman-Logo.wine_-768x512.png 768w, https:\/\/liviko.eu\/wp-content\/uploads\/2020\/11\/Brown\u2013Forman-Logo.wine_-1536x1024.png 1536w, https:\/\/liviko.eu\/wp-content\/uploads\/2020\/11\/Brown\u2013Forman-Logo.wine_-2048x1365.png 2048w, https:\/\/liviko.eu\/wp-content\/uploads\/2020\/11\/Brown\u2013Forman-Logo.wine_-480x320.png 480w\" sizes=\"(max-width: 920px) 100vw, 920px\" \/>                                   <\/div>     \n                                                            <div class=\"c-timeline__event-body\">\n                                Koncerns Brown-Forman izv\u0113las \u201cLiviko\u201d k\u0101 vien\u012bgo sava produkta p\u0101rst\u0101vi gan Igaunij\u0101, gan Latvij\u0101.                                \n                            <\/div>\n                        <\/div>\n            <\/li>\n            \n        \n                \n\n            <li class=\"c-timeline__event   c-timeline__event--regular c-timeline__event--direction_right c-timeline__event--hasImage\">\n                \n\n                    \n                        <strong class=\"c-timeline__event-date\">2020<\/strong>\n                        <div class=\"c-timeline__event-content\">\n                                                                    <div class=\"c-timeline_event__imageContainer\">\n                                   <img loading=\"lazy\" decoding=\"async\" width=\"800\" height=\"530\" src=\"https:\/\/liviko.eu\/wp-content\/uploads\/2020\/11\/tooted-1.jpg\" class=\"c-timeline_event__image\" alt=\"\" srcset=\"https:\/\/liviko.eu\/wp-content\/uploads\/2020\/11\/tooted-1.jpg 800w, https:\/\/liviko.eu\/wp-content\/uploads\/2020\/11\/tooted-1-768x509.jpg 768w, https:\/\/liviko.eu\/wp-content\/uploads\/2020\/11\/tooted-1-483x320.jpg 483w\" sizes=\"(max-width: 800px) 100vw, 800px\" \/>                                   <\/div>     \n                                                            <div class=\"c-timeline__event-body\">\n                                \u201cLiviko\u201d ir strauji augo\u0161s starptautisks koncerns, kas ra\u017eo kvalitat\u012bvus alkoholiskos dz\u0113rienus, p\u0101rdod savus produktus 60 valst\u012bs un p\u0101rst\u0101v pasaules vado\u0161os kvalitat\u012bva alkohola z\u012bmolus Baltijas valst\u012bs. \u201cLiviko\u201d ra\u017eo vair\u0101k nek\u0101 70 alkoholiskos dz\u0113rienus, no kuriem paz\u012bstam\u0101kie ir Vana Tallinn, Crafter\u2019s, Viru Valge, H\u00f5be Vodka un K\u00e4nnu Kukk.                                \n                            <\/div>\n                        <\/div>\n            <\/li>\n            \n        \n                \n\n            <li class=\"c-timeline__event   c-timeline__event--regular c-timeline__event--direction_left c-timeline__event--hasImage\">\n                \n\n                    \n                        <strong class=\"c-timeline__event-date\">2018<\/strong>\n                        <div class=\"c-timeline__event-content\">\n                                                                    <div class=\"c-timeline_event__imageContainer\">\n                                   <img loading=\"lazy\" decoding=\"async\" width=\"900\" height=\"500\" src=\"https:\/\/liviko.eu\/wp-content\/uploads\/2020\/08\/remy-cointreau-vector-logo-e1599129101177.png\" class=\"c-timeline_event__image\" alt=\"\" \/>                                   <\/div>     \n                                                            <div class=\"c-timeline__event-body\">\n                                <br \/>\r\nFran\u010du konjaka un brendija ra\u017eot\u0101js R\u00e9my Cointreau par savas produkcijas p\u0101rst\u0101vi un import\u0113t\u0101ju Baltijas valst\u012bs izv\u0113las \u201cLiviko\u201d.<br \/>\r\n                                \n                            <\/div>\n                        <\/div>\n            <\/li>\n            \n        \n                \n\n            <li class=\"c-timeline__event   c-timeline__event--regular c-timeline__event--direction_right c-timeline__event--hasImage\">\n                \n\n                    \n                        <strong class=\"c-timeline__event-date\">2010<\/strong>\n                        <div class=\"c-timeline__event-content\">\n                                                                    <div class=\"c-timeline_event__imageContainer\">\n                                   <img loading=\"lazy\" decoding=\"async\" width=\"920\" height=\"425\" src=\"https:\/\/liviko.eu\/wp-content\/uploads\/2020\/08\/BACARDI_LIMITED-920x425.jpg\" class=\"c-timeline_event__image\" alt=\"\" srcset=\"https:\/\/liviko.eu\/wp-content\/uploads\/2020\/08\/BACARDI_LIMITED-920x425.jpg 920w, https:\/\/liviko.eu\/wp-content\/uploads\/2020\/08\/BACARDI_LIMITED-1366x631.jpg 1366w, https:\/\/liviko.eu\/wp-content\/uploads\/2020\/08\/BACARDI_LIMITED-768x355.jpg 768w, https:\/\/liviko.eu\/wp-content\/uploads\/2020\/08\/BACARDI_LIMITED-1536x710.jpg 1536w, https:\/\/liviko.eu\/wp-content\/uploads\/2020\/08\/BACARDI_LIMITED-2048x947.jpg 2048w\" sizes=\"(max-width: 920px) 100vw, 920px\" \/>                                   <\/div>     \n                                                            <div class=\"c-timeline__event-body\">\n                                Bacardi-Martini grupa par savas produkcijas ekskluz\u012bvo p\u0101rst\u0101vi Igaunij\u0101 un Latvij\u0101 izv\u0113las \u201cLiviko\u201d.                                \n                            <\/div>\n                        <\/div>\n            <\/li>\n            \n        \n                \n\n            <li class=\"c-timeline__event   c-timeline__event--regular c-timeline__event--direction_left c-timeline__event--hasImage\">\n                \n\n                    \n                        <strong class=\"c-timeline__event-date\">2008<\/strong>\n                        <div class=\"c-timeline__event-content\">\n                                                                    <div class=\"c-timeline_event__imageContainer\">\n                                   <img loading=\"lazy\" decoding=\"async\" width=\"772\" height=\"486\" src=\"https:\/\/liviko.eu\/wp-content\/uploads\/2020\/09\/baltikum_green.png\" class=\"c-timeline_event__image\" alt=\"\" srcset=\"https:\/\/liviko.eu\/wp-content\/uploads\/2020\/09\/baltikum_green.png 772w, https:\/\/liviko.eu\/wp-content\/uploads\/2020\/09\/baltikum_green-768x483.png 768w\" sizes=\"(max-width: 772px) 100vw, 772px\" \/>                                   <\/div>     \n                                                            <div class=\"c-timeline__event-body\">\n                                2008. gad\u0101 \u201cLiviko\u201d izveido meitas uz\u0146\u0113mumus Latvij\u0101 un Lietuv\u0101, t\u0101d\u0113j\u0101di papla\u0161inot savu darb\u012bbu Baltijas valst\u012bs un liekot pamatu straujai turpm\u0101kai att\u012bst\u012bbai.                                \n                            <\/div>\n                        <\/div>\n            <\/li>\n            \n        \n                \n\n            <li class=\"c-timeline__event   c-timeline__event--regular c-timeline__event--direction_right c-timeline__event--hasImage\">\n                \n\n                    \n                        <strong class=\"c-timeline__event-date\">2005<\/strong>\n                        <div class=\"c-timeline__event-content\">\n                                                                    <div class=\"c-timeline_event__imageContainer\">\n                                   <img loading=\"lazy\" decoding=\"async\" width=\"562\" height=\"148\" src=\"https:\/\/liviko.eu\/wp-content\/uploads\/2020\/08\/Nautimus_logo_lilla_vertikaalne.jpg\" class=\"c-timeline_event__image\" alt=\"\" \/>                                   <\/div>     \n                                                            <div class=\"c-timeline__event-body\">\n                                2005. gad\u0101 \u201cLiviko\u201d s\u0101k veidot importa portfeli v\u012bnu kategorij\u0101. Tiek izveidots pla\u0161s v\u012bnu sortiments no vair\u0101k nek\u0101 700 produktiem, k\u0101 ar\u012b presti\u017eais z\u012bmols Nautimus, ar kuru tiek mar\u0137\u0113ti \u201cLiviko\u201d somelj\u0113 ieteiktie v\u012bni ar vislab\u0101ko cenas un kvalit\u0101tes attiec\u012bbu vis\u0101s kategorij\u0101s.                                \n                            <\/div>\n                        <\/div>\n            <\/li>\n            \n        \n                \n\n            <li class=\"c-timeline__event   c-timeline__event--regular c-timeline__event--direction_left c-timeline__event--hasImage\">\n                \n\n                    \n                        <strong class=\"c-timeline__event-date\">2000<\/strong>\n                        <div class=\"c-timeline__event-content\">\n                                                                    <div class=\"c-timeline_event__imageContainer\">\n                                   <img loading=\"lazy\" decoding=\"async\" width=\"920\" height=\"266\" src=\"https:\/\/liviko.eu\/wp-content\/uploads\/2020\/08\/NG-Investeeringud-logo-920x266.jpg\" class=\"c-timeline_event__image\" alt=\"\" srcset=\"https:\/\/liviko.eu\/wp-content\/uploads\/2020\/08\/NG-Investeeringud-logo-920x266.jpg 920w, https:\/\/liviko.eu\/wp-content\/uploads\/2020\/08\/NG-Investeeringud-logo-768x222.jpg 768w, https:\/\/liviko.eu\/wp-content\/uploads\/2020\/08\/NG-Investeeringud-logo.jpg 1276w\" sizes=\"(max-width: 920px) 100vw, 920px\" \/>                                   <\/div>     \n                                                            <div class=\"c-timeline__event-body\">\n                                2000. gad\u0101 par \u201cLiviko\u201d \u012bpa\u0161nieku k\u013c\u016bst Igaunijas veiksm\u012bg\u0101k\u0101 r\u016bpniec\u012bbas un tirdzniec\u012bbas invest\u012bciju grupa \u201cNG Investeeringud\u201d.<br \/>\r\n<br \/>\r\n                                \n                            <\/div>\n                        <\/div>\n            <\/li>\n            \n        \n                \n\n            <li class=\"c-timeline__event   c-timeline__event--regular c-timeline__event--direction_right c-timeline__event--hasImage\">\n                \n\n                    \n                        <strong class=\"c-timeline__event-date\">1998<\/strong>\n                        <div class=\"c-timeline__event-content\">\n                                                                    <div class=\"c-timeline_event__imageContainer\">\n                                   <img loading=\"lazy\" decoding=\"async\" width=\"512\" height=\"512\" src=\"https:\/\/liviko.eu\/wp-content\/uploads\/2020\/08\/uus-iso.png\" class=\"c-timeline_event__image\" alt=\"\" srcset=\"https:\/\/liviko.eu\/wp-content\/uploads\/2020\/08\/uus-iso.png 512w, https:\/\/liviko.eu\/wp-content\/uploads\/2020\/08\/uus-iso-480x480.png 480w\" sizes=\"(max-width: 512px) 100vw, 512px\" \/>                                   <\/div>     \n                                                            <div class=\"c-timeline__event-body\">\n                                1998. gad\u0101 \u201cLiviko\u201d k\u013c\u016bst par pirmo p\u0101rtikas r\u016bpniec\u012bbas uz\u0146\u0113mumu Igaunij\u0101, kas sa\u0146em ISO 9001 kvalit\u0101tes sertifik\u0101tu, kas apliecina visu ra\u017eo\u0161anas un p\u0101rdo\u0161anas procesu atbilst\u012bbu augst\u0101m kvalit\u0101tes pras\u012bb\u0101m.<br \/>\r\n<br \/>\r\n                                \n                            <\/div>\n                        <\/div>\n            <\/li>\n            \n        \n                \n\n            <li class=\"c-timeline__event   c-timeline__event--regular c-timeline__event--direction_left c-timeline__event--hasImage\">\n                \n\n                    \n                        <strong class=\"c-timeline__event-date\">1995<\/strong>\n                        <div class=\"c-timeline__event-content\">\n                                                                    <div class=\"c-timeline_event__imageContainer\">\n                                   <img loading=\"lazy\" decoding=\"async\" width=\"920\" height=\"920\" src=\"https:\/\/liviko.eu\/wp-content\/uploads\/2020\/08\/LIVIKOlogo_emblem-920x920.png\" class=\"c-timeline_event__image\" alt=\"\" srcset=\"https:\/\/liviko.eu\/wp-content\/uploads\/2020\/08\/LIVIKOlogo_emblem-920x920.png 920w, https:\/\/liviko.eu\/wp-content\/uploads\/2020\/08\/LIVIKOlogo_emblem-480x480.png 480w, https:\/\/liviko.eu\/wp-content\/uploads\/2020\/08\/LIVIKOlogo_emblem-768x768.png 768w, https:\/\/liviko.eu\/wp-content\/uploads\/2020\/08\/LIVIKOlogo_emblem.png 1181w\" sizes=\"(max-width: 920px) 100vw, 920px\" \/>                                   <\/div>     \n                                                            <div class=\"c-timeline__event-body\">\n                                1995. gad\u0101 \u201cLiviko\u201d k\u013c\u016bst par valsts akciju sabiedr\u012bbu un gadu v\u0113l\u0101k \u2013 par akciju sabiedr\u012bbu \u201cLiviko\u201d.                                \n                            <\/div>\n                        <\/div>\n            <\/li>\n            \n        \n                \n\n            <li class=\"c-timeline__event   c-timeline__event--regular c-timeline__event--direction_right c-timeline__event--hasImage\">\n                \n\n                    \n                        <strong class=\"c-timeline__event-date\">1984<\/strong>\n                        <div class=\"c-timeline__event-content\">\n                                                                    <div class=\"c-timeline_event__imageContainer\">\n                                   <img loading=\"lazy\" decoding=\"async\" width=\"920\" height=\"634\" src=\"https:\/\/liviko.eu\/wp-content\/uploads\/2020\/08\/Tootmiskoondis-Liviko-920x634.png\" class=\"c-timeline_event__image\" alt=\"\" srcset=\"https:\/\/liviko.eu\/wp-content\/uploads\/2020\/08\/Tootmiskoondis-Liviko-920x634.png 920w, https:\/\/liviko.eu\/wp-content\/uploads\/2020\/08\/Tootmiskoondis-Liviko-1366x941.png 1366w, https:\/\/liviko.eu\/wp-content\/uploads\/2020\/08\/Tootmiskoondis-Liviko-768x529.png 768w, https:\/\/liviko.eu\/wp-content\/uploads\/2020\/08\/Tootmiskoondis-Liviko-1536x1058.png 1536w, https:\/\/liviko.eu\/wp-content\/uploads\/2020\/08\/Tootmiskoondis-Liviko-2048x1411.png 2048w\" sizes=\"(max-width: 920px) 100vw, 920px\" \/>                                   <\/div>     \n                                                            <div class=\"c-timeline__event-body\">\n                                R\u016bpn\u012bcas liel\u0101kais ra\u017eo\u0161anas apjoms vis\u0101 t\u0101s v\u0113stur\u0113 tika sasniegts 1984. gad\u0101, toreiz\u0113j\u0101 Padomju Savien\u012bbas iek\u0161\u0113j\u0101 tirg\u016b tika p\u0101rdoti 22,4 miljoni litru degv\u012bna un li\u0137iera.                                \n                            <\/div>\n                        <\/div>\n            <\/li>\n            \n        \n                \n\n            <li class=\"c-timeline__event   c-timeline__event--regular c-timeline__event--direction_left c-timeline__event--hasImage\">\n                \n\n                    \n                        <strong class=\"c-timeline__event-date\">1973<\/strong>\n                        <div class=\"c-timeline__event-content\">\n                                                                    <div class=\"c-timeline_event__imageContainer\">\n                                   <img loading=\"lazy\" decoding=\"async\" width=\"920\" height=\"613\" src=\"https:\/\/liviko.eu\/wp-content\/uploads\/2020\/08\/Balti-dzinn-1970-920x613.jpg\" class=\"c-timeline_event__image\" alt=\"\" srcset=\"https:\/\/liviko.eu\/wp-content\/uploads\/2020\/08\/Balti-dzinn-1970-920x613.jpg 920w, https:\/\/liviko.eu\/wp-content\/uploads\/2020\/08\/Balti-dzinn-1970-1366x911.jpg 1366w, https:\/\/liviko.eu\/wp-content\/uploads\/2020\/08\/Balti-dzinn-1970-768x512.jpg 768w, https:\/\/liviko.eu\/wp-content\/uploads\/2020\/08\/Balti-dzinn-1970-1536x1024.jpg 1536w, https:\/\/liviko.eu\/wp-content\/uploads\/2020\/08\/Balti-dzinn-1970-2048x1366.jpg 2048w\" sizes=\"(max-width: 920px) 100vw, 920px\" \/>                                   <\/div>     \n                                                            <div class=\"c-timeline__event-body\">\n                                1973. gad\u0101 \u201cLiviko\u201d lai\u017e tirg\u016b stipro d\u017einu Balti D\u017einn, k\u0101 ar\u012b viegl\u0101kus dz\u0113rienus, piem\u0113ram, L\u00f5unamaine.                                \n                            <\/div>\n                        <\/div>\n            <\/li>\n            \n        \n                \n\n            <li class=\"c-timeline__event   c-timeline__event--regular c-timeline__event--direction_right c-timeline__event--hasImage\">\n                \n\n                    \n                        <strong class=\"c-timeline__event-date\">1962<\/strong>\n                        <div class=\"c-timeline__event-content\">\n                                                                    <div class=\"c-timeline_event__imageContainer\">\n                                   <img loading=\"lazy\" decoding=\"async\" width=\"920\" height=\"613\" src=\"https:\/\/liviko.eu\/wp-content\/uploads\/2020\/08\/Viru-Valge-920x613.jpg\" class=\"c-timeline_event__image\" alt=\"\" srcset=\"https:\/\/liviko.eu\/wp-content\/uploads\/2020\/08\/Viru-Valge-920x613.jpg 920w, https:\/\/liviko.eu\/wp-content\/uploads\/2020\/08\/Viru-Valge-1366x911.jpg 1366w, https:\/\/liviko.eu\/wp-content\/uploads\/2020\/08\/Viru-Valge-768x512.jpg 768w, https:\/\/liviko.eu\/wp-content\/uploads\/2020\/08\/Viru-Valge-1536x1024.jpg 1536w, https:\/\/liviko.eu\/wp-content\/uploads\/2020\/08\/Viru-Valge-2048x1365.jpg 2048w\" sizes=\"(max-width: 920px) 100vw, 920px\" \/>                                   <\/div>     \n                                                            <div class=\"c-timeline__event-body\">\n                                1962. gad\u0101 tiek rad\u012bts kvalitat\u012bvais un Igaunij\u0101 visslaven\u0101kais degv\u012bns Viru Valge.                                \n                            <\/div>\n                        <\/div>\n            <\/li>\n            \n        \n                \n\n            <li class=\"c-timeline__event   c-timeline__event--regular c-timeline__event--direction_left c-timeline__event--hasImage\">\n                \n\n                    \n                        <strong class=\"c-timeline__event-date\">1960<\/strong>\n                        <div class=\"c-timeline__event-content\">\n                                                                    <div class=\"c-timeline_event__imageContainer\">\n                                   <img loading=\"lazy\" decoding=\"async\" width=\"920\" height=\"584\" src=\"https:\/\/liviko.eu\/wp-content\/uploads\/2020\/08\/VT_ajalugu-920x584.jpg\" class=\"c-timeline_event__image\" alt=\"\" srcset=\"https:\/\/liviko.eu\/wp-content\/uploads\/2020\/08\/VT_ajalugu-920x584.jpg 920w, https:\/\/liviko.eu\/wp-content\/uploads\/2020\/08\/VT_ajalugu-1366x867.jpg 1366w, https:\/\/liviko.eu\/wp-content\/uploads\/2020\/08\/VT_ajalugu-768x487.jpg 768w, https:\/\/liviko.eu\/wp-content\/uploads\/2020\/08\/VT_ajalugu-1536x975.jpg 1536w, https:\/\/liviko.eu\/wp-content\/uploads\/2020\/08\/VT_ajalugu.jpg 1670w\" sizes=\"(max-width: 920px) 100vw, 920px\" \/>                                   <\/div>     \n                                                            <div class=\"c-timeline__event-body\">\n                                1960. gad\u0101 tiek rad\u012bts le\u0123end\u0101rais li\u0137ieris Vana Tallinn, kura autori bija li\u0137iera meistare Ilze M\u0101ra (Ilse Maar), pild\u012b\u0161anas ceha vad\u012bt\u0101js Bernhards Jirno (Bernhard J\u00fcrno) un r\u016bpn\u012bcas meistars J\u0101ns S\u012bmo (Jaan Siimo). Vana Tallinn \u0101tri vien k\u013cuva par \u201cLiviko\u201d firmas z\u012bmi: li\u0137ieris ar neatk\u0101rtojamo gar\u0161u Padomju Savien\u012bb\u0101 k\u013cuva par sava veida val\u016btas un defic\u012bta preci, liel\u0101ks piepras\u012bjums bija tikai p\u0113c ban\u0101niem. Vana Tallinn k\u013c\u016bst par reprezentat\u012bvu Igaunijas produktu ar\u012b p\u0113c neatkar\u012bbas atjauno\u0161anas, tas ar lepnumu tiek d\u0101v\u0101ts \u0101rvalstu viesiem un vests uz \u0101rvalst\u012bm.                                \n                            <\/div>\n                        <\/div>\n            <\/li>\n            \n        \n                \n\n            <li class=\"c-timeline__event   c-timeline__event--regular c-timeline__event--direction_right c-timeline__event--hasImage\">\n                \n\n                    \n                        <strong class=\"c-timeline__event-date\">1950<\/strong>\n                        <div class=\"c-timeline__event-content\">\n                                                                    <div class=\"c-timeline_event__imageContainer\">\n                                   <img loading=\"lazy\" decoding=\"async\" width=\"920\" height=\"613\" src=\"https:\/\/liviko.eu\/wp-content\/uploads\/2020\/08\/Liviko-kokteili-pudel-920x613.jpg\" class=\"c-timeline_event__image\" alt=\"\" srcset=\"https:\/\/liviko.eu\/wp-content\/uploads\/2020\/08\/Liviko-kokteili-pudel-920x613.jpg 920w, https:\/\/liviko.eu\/wp-content\/uploads\/2020\/08\/Liviko-kokteili-pudel-1366x910.jpg 1366w, https:\/\/liviko.eu\/wp-content\/uploads\/2020\/08\/Liviko-kokteili-pudel-768x512.jpg 768w, https:\/\/liviko.eu\/wp-content\/uploads\/2020\/08\/Liviko-kokteili-pudel-1536x1024.jpg 1536w, https:\/\/liviko.eu\/wp-content\/uploads\/2020\/08\/Liviko-kokteili-pudel-2048x1365.jpg 2048w\" sizes=\"(max-width: 920px) 100vw, 920px\" \/>                                   <\/div>     \n                                                            <div class=\"c-timeline__event-body\">\n                                Li\u0137ieru meistares Ilzes M\u0101ri pag\u0101ju\u0161\u0101 gadsimta vid\u016b rad\u012btais kokteilis un t\u0101 nosaukums \u201cLiviko\u201d 1971. gad\u0101 k\u013c\u016bst par uz\u0146\u0113muma nosaukumu. \u201cLiviko\u201d ir atvasin\u0101ts no v\u0101rdiem lik\u00f6\u00f6ri ja viinakokteil (igau\u0146u val.: \u201cli\u0137iera un degv\u012bna kokteilis\u201d).                                \n                            <\/div>\n                        <\/div>\n            <\/li>\n            \n        \n                \n\n            <li class=\"c-timeline__event   c-timeline__event--regular c-timeline__event--direction_left c-timeline__event--hasImage\">\n                \n\n                    \n                        <strong class=\"c-timeline__event-date\">1940<\/strong>\n                        <div class=\"c-timeline__event-content\">\n                                                                    <div class=\"c-timeline_event__imageContainer\">\n                                   <img loading=\"lazy\" decoding=\"async\" width=\"800\" height=\"800\" src=\"https:\/\/liviko.eu\/wp-content\/uploads\/2020\/08\/valik-viinasilte-1940.jpg\" class=\"c-timeline_event__image\" alt=\"\" srcset=\"https:\/\/liviko.eu\/wp-content\/uploads\/2020\/08\/valik-viinasilte-1940.jpg 800w, https:\/\/liviko.eu\/wp-content\/uploads\/2020\/08\/valik-viinasilte-1940-480x480.jpg 480w, https:\/\/liviko.eu\/wp-content\/uploads\/2020\/08\/valik-viinasilte-1940-768x768.jpg 768w\" sizes=\"(max-width: 800px) 100vw, 800px\" \/>                                   <\/div>     \n                                                            <div class=\"c-timeline__event-body\">\n                                1940. gad\u0101 Valsts degv\u012bna r\u016bpn\u012bca tiek p\u0101rd\u0113v\u0113ta par Tallinas degv\u012bna r\u016bpn\u012bcu. Taj\u0101 laik\u0101 0,25 un 0,75 litru pudel\u0113s tika ra\u017eoti degv\u012bni Riigiviin un Laua Viin, kas p\u0113c pirm\u0101s Igaunijas Republikas laika receptes tiek ra\u017eoti v\u0113l \u0161obaltdien.                                \n                            <\/div>\n                        <\/div>\n            <\/li>\n            \n        \n                \n\n            <li class=\"c-timeline__event   c-timeline__event--regular c-timeline__event--direction_right c-timeline__event--hasImage\">\n                \n\n                    \n                        <strong class=\"c-timeline__event-date\">1938<\/strong>\n                        <div class=\"c-timeline__event-content\">\n                                                                    <div class=\"c-timeline_event__imageContainer\">\n                                   <img loading=\"lazy\" decoding=\"async\" width=\"920\" height=\"648\" src=\"https:\/\/liviko.eu\/wp-content\/uploads\/2020\/08\/t\u00f6\u00f6tajte-s\u00f6\u00f6gituba-1937-920x648.png\" class=\"c-timeline_event__image\" alt=\"\" srcset=\"https:\/\/liviko.eu\/wp-content\/uploads\/2020\/08\/t\u00f6\u00f6tajte-s\u00f6\u00f6gituba-1937-920x648.png 920w, https:\/\/liviko.eu\/wp-content\/uploads\/2020\/08\/t\u00f6\u00f6tajte-s\u00f6\u00f6gituba-1937-1366x962.png 1366w, https:\/\/liviko.eu\/wp-content\/uploads\/2020\/08\/t\u00f6\u00f6tajte-s\u00f6\u00f6gituba-1937-768x541.png 768w, https:\/\/liviko.eu\/wp-content\/uploads\/2020\/08\/t\u00f6\u00f6tajte-s\u00f6\u00f6gituba-1937-1536x1082.png 1536w, https:\/\/liviko.eu\/wp-content\/uploads\/2020\/08\/t\u00f6\u00f6tajte-s\u00f6\u00f6gituba-1937-2048x1442.png 2048w\" sizes=\"(max-width: 920px) 100vw, 920px\" \/>                                   <\/div>     \n                                                            <div class=\"c-timeline__event-body\">\n                                1938. gad\u0101 Valsts degv\u012bna noliktava tiek p\u0101rd\u0113v\u0113ta par Valsts degv\u012bna r\u016bpn\u012bcu; taj\u0101 str\u0101d\u0101 127 cilv\u0113ki. Modern\u0101s un veiksm\u012bg\u0101s Valsts degv\u012bna r\u016bpn\u012bcas darbinieku \u0113dn\u012bca izskat\u0101s gandr\u012bz k\u0101 restor\u0101ns.                                \n                            <\/div>\n                        <\/div>\n            <\/li>\n            \n        \n                \n\n            <li class=\"c-timeline__event   c-timeline__event--regular c-timeline__event--direction_left c-timeline__event--hasImage\">\n                \n\n                    \n                        <strong class=\"c-timeline__event-date\">1924<\/strong>\n                        <div class=\"c-timeline__event-content\">\n                                                                    <div class=\"c-timeline_event__imageContainer\">\n                                   <img loading=\"lazy\" decoding=\"async\" width=\"800\" height=\"530\" src=\"https:\/\/liviko.eu\/wp-content\/uploads\/2020\/08\/Riigi-Viinaladu-tartumnt-1937.jpg\" class=\"c-timeline_event__image\" alt=\"\" srcset=\"https:\/\/liviko.eu\/wp-content\/uploads\/2020\/08\/Riigi-Viinaladu-tartumnt-1937.jpg 800w, https:\/\/liviko.eu\/wp-content\/uploads\/2020\/08\/Riigi-Viinaladu-tartumnt-1937-768x509.jpg 768w\" sizes=\"(max-width: 800px) 100vw, 800px\" \/>                                   <\/div>     \n                                                            <div class=\"c-timeline__event-body\">\n                                1924. gad\u0101 darbu s\u0101k Valsts degv\u012bna noliktava \u2013 r\u016bpn\u012bca ar modern\u0101kaj\u0101m iek\u0101rt\u0101m Baltijas valst\u012bs un div\u0101m ra\u017eo\u0161anas l\u012bnij\u0101m. Att\u0113l\u0101: pude\u013cu pild\u012b\u0161anas telpa, kas atrad\u0101s Valsts degv\u012bna noliktavas otraj\u0101 st\u0101v\u0101.                                \n                            <\/div>\n                        <\/div>\n            <\/li>\n            \n        \n                \n\n            <li class=\"c-timeline__event   c-timeline__event--regular c-timeline__event--direction_right c-timeline__event--hasImage\">\n                \n\n                    \n                        <strong class=\"c-timeline__event-date\">1921<\/strong>\n                        <div class=\"c-timeline__event-content\">\n                                                                    <div class=\"c-timeline_event__imageContainer\">\n                                   <img loading=\"lazy\" decoding=\"async\" width=\"920\" height=\"653\" src=\"https:\/\/liviko.eu\/wp-content\/uploads\/2020\/08\/XXVI-Mere-pst-920x653.jpg\" class=\"c-timeline_event__image\" alt=\"\" srcset=\"https:\/\/liviko.eu\/wp-content\/uploads\/2020\/08\/XXVI-Mere-pst-920x653.jpg 920w, https:\/\/liviko.eu\/wp-content\/uploads\/2020\/08\/XXVI-Mere-pst-1366x970.jpg 1366w, https:\/\/liviko.eu\/wp-content\/uploads\/2020\/08\/XXVI-Mere-pst-768x545.jpg 768w, https:\/\/liviko.eu\/wp-content\/uploads\/2020\/08\/XXVI-Mere-pst-1536x1090.jpg 1536w, https:\/\/liviko.eu\/wp-content\/uploads\/2020\/08\/XXVI-Mere-pst-2048x1454.jpg 2048w\" sizes=\"(max-width: 920px) 100vw, 920px\" \/>                                   <\/div>     \n                                                            <div class=\"c-timeline__event-body\">\n                                \u201cLiviko\u201d sen\u0101kais priek\u0161tecis ir spirta p\u0101rstr\u0101des r\u016bpn\u012bca \u201cRevaler Sprit Fabrik\u201d (atrad\u0101s Mere bulv\u0101r\u012b), no kuras izaug Tallinas degv\u012bna r\u016bpn\u012bcu \u012bpa\u0161nieku apvien\u012bba \u201cRosen &#038; Co\u201d. 1921. gad\u0101 pie uz\u0146\u0113muma \u201cRosen &#038; Co\u201d k\u0101 atsevi\u0161\u0137s uz\u0146\u0113mums tika izveidota smalka li\u0137ieru un degv\u012bna r\u016bpn\u012bca \u201cTallinna Viinavabrik O\u00dc\u201d. Zin\u0101m\u0101kais taj\u0101 ra\u017eotais dz\u0113riens tolaik ir degv\u012bns Baron Rosen\u2019s Wodka, kas tiek p\u0101rdots gan Berl\u012bn\u0113, gan London\u0101. Slaven\u0101kais klients bija viens no zin\u0101tnisk\u0101s fantastikas pamatlic\u0113jiem, ang\u013cu rakstnieks Herberts Velss.                                \n                            <\/div>\n                        <\/div>\n            <\/li>\n            \n        \n                \n\n            <li class=\"c-timeline__event   c-timeline__event--regular c-timeline__event--direction_left c-timeline__event--hasImage\">\n                \n\n                    \n                        <strong class=\"c-timeline__event-date\">1900<\/strong>\n                        <div class=\"c-timeline__event-content\">\n                                                                    <div class=\"c-timeline_event__imageContainer\">\n                                   <img loading=\"lazy\" decoding=\"async\" width=\"920\" height=\"613\" src=\"https:\/\/liviko.eu\/wp-content\/uploads\/2020\/08\/K\u00e4nnu-Kukk-920x613.jpg\" class=\"c-timeline_event__image\" alt=\"\" srcset=\"https:\/\/liviko.eu\/wp-content\/uploads\/2020\/08\/K\u00e4nnu-Kukk-920x613.jpg 920w, https:\/\/liviko.eu\/wp-content\/uploads\/2020\/08\/K\u00e4nnu-Kukk-1366x911.jpg 1366w, https:\/\/liviko.eu\/wp-content\/uploads\/2020\/08\/K\u00e4nnu-Kukk-768x512.jpg 768w, https:\/\/liviko.eu\/wp-content\/uploads\/2020\/08\/K\u00e4nnu-Kukk-1536x1024.jpg 1536w, https:\/\/liviko.eu\/wp-content\/uploads\/2020\/08\/K\u00e4nnu-Kukk-2048x1365.jpg 2048w\" sizes=\"(max-width: 920px) 100vw, 920px\" \/>                                   <\/div>     \n                                                            <div class=\"c-timeline__event-body\">\n                                Ori\u0123in\u0101l\u0101 K\u00e4nnu Kukk recepte, visticam\u0101k, atvesta uz Igauniju 1900. gad\u0101 no V\u0101cijas vai Holandes. \u201cLiviko\u201d \u0161\u012b recepte tiek nodota no meistara meistaram, un pieredz\u0113ju\u0161ie li\u0137ieru meistari piln\u012bb\u0101 p\u0101rzina nemirst\u012bgo krist\u0101lli\u0137iera karst\u0101s pild\u012b\u0161anas m\u0101kslu.                                \n                            <\/div>\n                        <\/div>\n            <\/li>\n            \n        \n                \n\n            <li class=\"c-timeline__event   c-timeline__event--regular c-timeline__event--direction_right c-timeline__event--hasImage\">\n                \n\n                    \n                        <strong class=\"c-timeline__event-date\">1898<\/strong>\n                        <div class=\"c-timeline__event-content\">\n                                                                    <div class=\"c-timeline_event__imageContainer\">\n                                   <img loading=\"lazy\" decoding=\"async\" width=\"920\" height=\"535\" src=\"https:\/\/liviko.eu\/wp-content\/uploads\/2020\/08\/TartuMnt-Liviko-hoone-1898-920x535.jpg\" class=\"c-timeline_event__image\" alt=\"\" srcset=\"https:\/\/liviko.eu\/wp-content\/uploads\/2020\/08\/TartuMnt-Liviko-hoone-1898-920x535.jpg 920w, https:\/\/liviko.eu\/wp-content\/uploads\/2020\/08\/TartuMnt-Liviko-hoone-1898-1366x794.jpg 1366w, https:\/\/liviko.eu\/wp-content\/uploads\/2020\/08\/TartuMnt-Liviko-hoone-1898-768x447.jpg 768w, https:\/\/liviko.eu\/wp-content\/uploads\/2020\/08\/TartuMnt-Liviko-hoone-1898-1536x893.jpg 1536w, https:\/\/liviko.eu\/wp-content\/uploads\/2020\/08\/TartuMnt-Liviko-hoone-1898.jpg 1967w\" sizes=\"(max-width: 920px) 100vw, 920px\" \/>                                   <\/div>     \n                                                            <div class=\"c-timeline__event-body\">\n                                1898. gada 25. septembr\u012b tiek ielikts pamatakmens degv\u012bna noliktavai Kroonu Viinaladu Nr. 1, ar ko ies\u0101kas \u201cLiviko\u201d v\u0113sture. Uz\u0146\u0113muma galven\u0101 \u0113ka, kur\u0101 v\u0113l joproj\u0101m atrodas \u201cLiviko\u201d ra\u017eotne, tiek celta laik\u0101 no 1898. l\u012bdz 1900. gadam p\u0113c tipveida projekta. Ka\u013c\u0137akmens \u0113ku rot\u0101 neoromantisma stila elementi. Projekta autors bija arhitekts R\u016bdolfs Otto fon Knipfers (Rudolf Otto von Kn\u00fcpffer). Uz\u0146\u0113muma pl\u0101not\u0101 jauda bija 300 000 spai\u0146i jeb 3 690 000 litri degv\u012bna gad\u0101.                                \n                            <\/div>\n                        <\/div>\n            <\/li>\n            \n                <\/ul>\n    <div class=\"c-timeline__events--line\"><\/div>\n<\/div>\n<\/div>\n\n\n\n<p class=\"wp-block-paragraph\"><\/p>\n","protected":false},"excerpt":{"rendered":"","protected":false},"author":17,"featured_media":0,"parent":804,"menu_order":1,"comment_status":"closed","ping_status":"closed","template":"","meta":{"_acf_changed":false,"inline_featured_image":false,"_monsterinsights_skip_tracking":false,"footnotes":""},"categories":[],"class_list":["post-807","page","type-page","status-publish","hentry"],"acf":[],"yoast_head":"<!-- This site is optimized with the Yoast SEO plugin v28.3 - https:\/\/yoast.com\/product\/yoast-seo-wordpress\/ -->\n<title>V\u0113sture - Liviko<\/title>\n<meta name=\"robots\" content=\"index, follow, max-snippet:-1, max-image-preview:large, max-video-preview:-1\" \/>\n<link rel=\"canonical\" href=\"https:\/\/liviko.eu\/lv\/company-culture\/history\/\" \/>\n<meta property=\"og:locale\" content=\"lv_LV\" \/>\n<meta property=\"og:type\" content=\"article\" \/>\n<meta property=\"og:title\" content=\"V\u0113sture - Liviko\" \/>\n<meta property=\"og:url\" content=\"https:\/\/liviko.eu\/lv\/company-culture\/history\/\" \/>\n<meta property=\"og:site_name\" content=\"Liviko\" \/>\n<meta property=\"article:publisher\" content=\"https:\/\/www.facebook.com\/LivikoDistillery\/\" \/>\n<meta property=\"article:modified_time\" content=\"2025-02-03T07:21:26+00:00\" \/>\n<meta name=\"twitter:card\" content=\"summary_large_image\" \/>\n<script type=\"application\/ld+json\" class=\"yoast-schema-graph\">{\"@context\":\"https:\\\/\\\/schema.org\",\"@graph\":[{\"@type\":\"WebPage\",\"@id\":\"https:\\\/\\\/liviko.eu\\\/lv\\\/company-culture\\\/history\\\/\",\"url\":\"https:\\\/\\\/liviko.eu\\\/lv\\\/company-culture\\\/history\\\/\",\"name\":\"V\u0113sture - Liviko\",\"isPartOf\":{\"@id\":\"https:\\\/\\\/liviko.eu\\\/lv\\\/#website\"},\"datePublished\":\"2020-07-03T09:28:19+00:00\",\"dateModified\":\"2025-02-03T07:21:26+00:00\",\"breadcrumb\":{\"@id\":\"https:\\\/\\\/liviko.eu\\\/lv\\\/company-culture\\\/history\\\/#breadcrumb\"},\"inLanguage\":\"lv-LV\",\"potentialAction\":[{\"@type\":\"ReadAction\",\"target\":[\"https:\\\/\\\/liviko.eu\\\/lv\\\/company-culture\\\/history\\\/\"]}]},{\"@type\":\"BreadcrumbList\",\"@id\":\"https:\\\/\\\/liviko.eu\\\/lv\\\/company-culture\\\/history\\\/#breadcrumb\",\"itemListElement\":[{\"@type\":\"ListItem\",\"position\":1,\"name\":\"Home\",\"item\":\"https:\\\/\\\/liviko.eu\\\/lv\\\/\"},{\"@type\":\"ListItem\",\"position\":2,\"name\":\"Par uz\u0146\u0113mumu\",\"item\":\"https:\\\/\\\/liviko.eu\\\/lv\\\/company-culture\\\/\"},{\"@type\":\"ListItem\",\"position\":3,\"name\":\"V\u0113sture\"}]},{\"@type\":\"WebSite\",\"@id\":\"https:\\\/\\\/liviko.eu\\\/lv\\\/#website\",\"url\":\"https:\\\/\\\/liviko.eu\\\/lv\\\/\",\"name\":\"Liviko\",\"description\":\"anno 1898\",\"publisher\":{\"@id\":\"https:\\\/\\\/liviko.eu\\\/lv\\\/#organization\"},\"potentialAction\":[{\"@type\":\"SearchAction\",\"target\":{\"@type\":\"EntryPoint\",\"urlTemplate\":\"https:\\\/\\\/liviko.eu\\\/lv\\\/?s={search_term_string}\"},\"query-input\":{\"@type\":\"PropertyValueSpecification\",\"valueRequired\":true,\"valueName\":\"search_term_string\"}}],\"inLanguage\":\"lv-LV\"},{\"@type\":\"Organization\",\"@id\":\"https:\\\/\\\/liviko.eu\\\/lv\\\/#organization\",\"name\":\"Liviko\",\"url\":\"https:\\\/\\\/liviko.eu\\\/lv\\\/\",\"logo\":{\"@type\":\"ImageObject\",\"inLanguage\":\"lv-LV\",\"@id\":\"https:\\\/\\\/liviko.eu\\\/lv\\\/#\\\/schema\\\/logo\\\/image\\\/\",\"url\":\"https:\\\/\\\/liviko.eu\\\/wp-content\\\/uploads\\\/2020\\\/10\\\/liviko_logo.png\",\"contentUrl\":\"https:\\\/\\\/liviko.eu\\\/wp-content\\\/uploads\\\/2020\\\/10\\\/liviko_logo.png\",\"width\":515,\"height\":181,\"caption\":\"Liviko\"},\"image\":{\"@id\":\"https:\\\/\\\/liviko.eu\\\/lv\\\/#\\\/schema\\\/logo\\\/image\\\/\"},\"sameAs\":[\"https:\\\/\\\/www.facebook.com\\\/LivikoDistillery\\\/\",\"https:\\\/\\\/www.instagram.com\\\/livikodistillery\",\"https:\\\/\\\/www.linkedin.com\\\/company\\\/liviko\\\/\",\"https:\\\/\\\/www.youtube.com\\\/channel\\\/UCnoHr-PaNxBHJO8nMDLVGuA\"]}]}<\/script>\n<!-- \/ Yoast SEO plugin. -->","yoast_head_json":{"title":"V\u0113sture - Liviko","robots":{"index":"index","follow":"follow","max-snippet":"max-snippet:-1","max-image-preview":"max-image-preview:large","max-video-preview":"max-video-preview:-1"},"canonical":"https:\/\/liviko.eu\/lv\/company-culture\/history\/","og_locale":"lv_LV","og_type":"article","og_title":"V\u0113sture - Liviko","og_url":"https:\/\/liviko.eu\/lv\/company-culture\/history\/","og_site_name":"Liviko","article_publisher":"https:\/\/www.facebook.com\/LivikoDistillery\/","article_modified_time":"2025-02-03T07:21:26+00:00","twitter_card":"summary_large_image","schema":{"@context":"https:\/\/schema.org","@graph":[{"@type":"WebPage","@id":"https:\/\/liviko.eu\/lv\/company-culture\/history\/","url":"https:\/\/liviko.eu\/lv\/company-culture\/history\/","name":"V\u0113sture - Liviko","isPartOf":{"@id":"https:\/\/liviko.eu\/lv\/#website"},"datePublished":"2020-07-03T09:28:19+00:00","dateModified":"2025-02-03T07:21:26+00:00","breadcrumb":{"@id":"https:\/\/liviko.eu\/lv\/company-culture\/history\/#breadcrumb"},"inLanguage":"lv-LV","potentialAction":[{"@type":"ReadAction","target":["https:\/\/liviko.eu\/lv\/company-culture\/history\/"]}]},{"@type":"BreadcrumbList","@id":"https:\/\/liviko.eu\/lv\/company-culture\/history\/#breadcrumb","itemListElement":[{"@type":"ListItem","position":1,"name":"Home","item":"https:\/\/liviko.eu\/lv\/"},{"@type":"ListItem","position":2,"name":"Par uz\u0146\u0113mumu","item":"https:\/\/liviko.eu\/lv\/company-culture\/"},{"@type":"ListItem","position":3,"name":"V\u0113sture"}]},{"@type":"WebSite","@id":"https:\/\/liviko.eu\/lv\/#website","url":"https:\/\/liviko.eu\/lv\/","name":"Liviko","description":"anno 1898","publisher":{"@id":"https:\/\/liviko.eu\/lv\/#organization"},"potentialAction":[{"@type":"SearchAction","target":{"@type":"EntryPoint","urlTemplate":"https:\/\/liviko.eu\/lv\/?s={search_term_string}"},"query-input":{"@type":"PropertyValueSpecification","valueRequired":true,"valueName":"search_term_string"}}],"inLanguage":"lv-LV"},{"@type":"Organization","@id":"https:\/\/liviko.eu\/lv\/#organization","name":"Liviko","url":"https:\/\/liviko.eu\/lv\/","logo":{"@type":"ImageObject","inLanguage":"lv-LV","@id":"https:\/\/liviko.eu\/lv\/#\/schema\/logo\/image\/","url":"https:\/\/liviko.eu\/wp-content\/uploads\/2020\/10\/liviko_logo.png","contentUrl":"https:\/\/liviko.eu\/wp-content\/uploads\/2020\/10\/liviko_logo.png","width":515,"height":181,"caption":"Liviko"},"image":{"@id":"https:\/\/liviko.eu\/lv\/#\/schema\/logo\/image\/"},"sameAs":["https:\/\/www.facebook.com\/LivikoDistillery\/","https:\/\/www.instagram.com\/livikodistillery","https:\/\/www.linkedin.com\/company\/liviko\/","https:\/\/www.youtube.com\/channel\/UCnoHr-PaNxBHJO8nMDLVGuA"]}]}},"_links":{"self":[{"href":"https:\/\/liviko.eu\/lv\/wp-json\/wp\/v2\/pages\/807","targetHints":{"allow":["GET"]}}],"collection":[{"href":"https:\/\/liviko.eu\/lv\/wp-json\/wp\/v2\/pages"}],"about":[{"href":"https:\/\/liviko.eu\/lv\/wp-json\/wp\/v2\/types\/page"}],"author":[{"embeddable":true,"href":"https:\/\/liviko.eu\/lv\/wp-json\/wp\/v2\/users\/17"}],"replies":[{"embeddable":true,"href":"https:\/\/liviko.eu\/lv\/wp-json\/wp\/v2\/comments?post=807"}],"version-history":[{"count":26,"href":"https:\/\/liviko.eu\/lv\/wp-json\/wp\/v2\/pages\/807\/revisions"}],"predecessor-version":[{"id":55333,"href":"https:\/\/liviko.eu\/lv\/wp-json\/wp\/v2\/pages\/807\/revisions\/55333"}],"up":[{"embeddable":true,"href":"https:\/\/liviko.eu\/lv\/wp-json\/wp\/v2\/pages\/804"}],"wp:attachment":[{"href":"https:\/\/liviko.eu\/lv\/wp-json\/wp\/v2\/media?parent=807"}],"wp:term":[{"taxonomy":"category","embeddable":true,"href":"https:\/\/liviko.eu\/lv\/wp-json\/wp\/v2\/categories?post=807"}],"curies":[{"name":"wp","href":"https:\/\/api.w.org\/{rel}","templated":true}]}}